{"id":154480,"date":"2024-02-17T22:19:10","date_gmt":"2024-02-17T22:19:10","guid":{"rendered":"https:\/\/www.in.yoga\/?page_id=154480"},"modified":"2025-09-03T21:10:11","modified_gmt":"2025-09-03T21:10:11","slug":"liudmila-sinenko","status":"publish","type":"page","link":"https:\/\/www.in.yoga\/fr\/liudmila-sinenko\/","title":{"rendered":"Liudmila Sinenko"},"content":{"rendered":"\t\t<div data-elementor-type=\"wp-post\" data-elementor-id=\"154480\" class=\"elementor elementor-154480\" data-elementor-post-type=\"page\">\n\t\t\t\t\t\t<section class=\"elementor-section elementor-top-section elementor-element elementor-element-65eb951 elementor-section-boxed elementor-section-height-default elementor-section-height-default\" data-id=\"65eb951\" data-element_type=\"section\" data-e-type=\"section\">\n\t\t\t\t\t\t<div class=\"elementor-container elementor-column-gap-default\">\n\t\t\t\t\t<div class=\"elementor-column elementor-col-100 elementor-top-column elementor-element elementor-element-9a21928\" data-id=\"9a21928\" data-element_type=\"column\" data-e-type=\"column\">\n\t\t\t<div class=\"elementor-widget-wrap elementor-element-populated\">\n\t\t\t\t\t\t<section class=\"elementor-section elementor-inner-section elementor-element elementor-element-4ddc736 elementor-section-boxed elementor-section-height-default elementor-section-height-default\" data-id=\"4ddc736\" data-element_type=\"section\" data-e-type=\"section\">\n\t\t\t\t\t\t<div class=\"elementor-container elementor-column-gap-default\">\n\t\t\t\t\t<div class=\"elementor-column elementor-col-33 elementor-inner-column elementor-element elementor-element-0e9eefe\" data-id=\"0e9eefe\" data-element_type=\"column\" data-e-type=\"column\">\n\t\t\t<div class=\"elementor-widget-wrap elementor-element-populated\">\n\t\t\t\t\t\t<div class=\"elementor-element elementor-element-46cb35f elementor-widget elementor-widget-spacer\" data-id=\"46cb35f\" data-element_type=\"widget\" data-e-type=\"widget\" data-widget_type=\"spacer.default\">\n\t\t\t\t<div class=\"elementor-widget-container\">\n\t\t\t\t\t\t\t<div class=\"elementor-spacer\">\n\t\t\t<div class=\"elementor-spacer-inner\"><\/div>\n\t\t<\/div>\n\t\t\t\t\t\t<\/div>\n\t\t\t\t<\/div>\n\t\t\t\t<div class=\"elementor-element elementor-element-216974d elementor-widget elementor-widget-image\" data-id=\"216974d\" data-element_type=\"widget\" data-e-type=\"widget\" data-widget_type=\"image.default\">\n\t\t\t\t<div class=\"elementor-widget-container\">\n\t\t\t\t\t\t\t\t\t\t\t\t<figure class=\"wp-caption\">\n\t\t\t\t\t\t\t\t\t\t<img fetchpriority=\"high\" decoding=\"async\" width=\"750\" height=\"749\" src=\"https:\/\/www.in.yoga\/wp-content\/uploads\/2025\/09\/IMG_2949-3-1024x1022.jpg\" class=\"attachment-large size-large wp-image-154551\" alt=\"\" srcset=\"https:\/\/www.in.yoga\/wp-content\/uploads\/2025\/09\/IMG_2949-3-1024x1022.jpg 1024w, https:\/\/www.in.yoga\/wp-content\/uploads\/2025\/09\/IMG_2949-3-300x300.jpg 300w, https:\/\/www.in.yoga\/wp-content\/uploads\/2025\/09\/IMG_2949-3-150x150.jpg 150w, https:\/\/www.in.yoga\/wp-content\/uploads\/2025\/09\/IMG_2949-3-768x767.jpg 768w, https:\/\/www.in.yoga\/wp-content\/uploads\/2025\/09\/IMG_2949-3-360x359.jpg 360w, https:\/\/www.in.yoga\/wp-content\/uploads\/2025\/09\/IMG_2949-3.jpg 1362w\" sizes=\"(max-width: 750px) 100vw, 750px\" style=\"width:100%;height:99.85%;max-width:1362px\" \/>\t\t\t\t\t\t\t\t\t\t\t<figcaption class=\"widget-image-caption wp-caption-text\"><\/figcaption>\n\t\t\t\t\t\t\t\t\t\t<\/figure>\n\t\t\t\t\t\t\t\t\t<\/div>\n\t\t\t\t<\/div>\n\t\t\t\t\t<\/div>\n\t\t<\/div>\n\t\t\t\t<div class=\"elementor-column elementor-col-33 elementor-inner-column elementor-element elementor-element-d4b5e4c\" data-id=\"d4b5e4c\" data-element_type=\"column\" data-e-type=\"column\">\n\t\t\t<div class=\"elementor-widget-wrap elementor-element-populated\">\n\t\t\t\t\t\t<div class=\"elementor-element elementor-element-2a55691 elementor-widget elementor-widget-spacer\" data-id=\"2a55691\" data-element_type=\"widget\" data-e-type=\"widget\" data-widget_type=\"spacer.default\">\n\t\t\t\t<div class=\"elementor-widget-container\">\n\t\t\t\t\t\t\t<div class=\"elementor-spacer\">\n\t\t\t<div class=\"elementor-spacer-inner\"><\/div>\n\t\t<\/div>\n\t\t\t\t\t\t<\/div>\n\t\t\t\t<\/div>\n\t\t\t\t\t<\/div>\n\t\t<\/div>\n\t\t\t\t<div class=\"elementor-column elementor-col-33 elementor-inner-column elementor-element elementor-element-0eee74e\" data-id=\"0eee74e\" data-element_type=\"column\" data-e-type=\"column\">\n\t\t\t<div class=\"elementor-widget-wrap elementor-element-populated\">\n\t\t\t\t\t\t<div class=\"elementor-element elementor-element-f9b9ed3 elementor-widget elementor-widget-spacer\" data-id=\"f9b9ed3\" data-element_type=\"widget\" data-e-type=\"widget\" data-widget_type=\"spacer.default\">\n\t\t\t\t<div class=\"elementor-widget-container\">\n\t\t\t\t\t\t\t<div class=\"elementor-spacer\">\n\t\t\t<div class=\"elementor-spacer-inner\"><\/div>\n\t\t<\/div>\n\t\t\t\t\t\t<\/div>\n\t\t\t\t<\/div>\n\t\t\t\t<div class=\"elementor-element elementor-element-cc38647 elementor-widget elementor-widget-heading\" data-id=\"cc38647\" data-element_type=\"widget\" data-e-type=\"widget\" data-widget_type=\"heading.default\">\n\t\t\t\t<div class=\"elementor-widget-container\">\n\t\t\t\t\t<h1 class=\"elementor-heading-title elementor-size-default\">Liudmila Sinenko<\/h1>\t\t\t\t<\/div>\n\t\t\t\t<\/div>\n\t\t\t\t<div class=\"elementor-element elementor-element-d8136c0 e-grid-align-left elementor-shape-rounded elementor-grid-0 elementor-widget elementor-widget-social-icons\" data-id=\"d8136c0\" data-element_type=\"widget\" data-e-type=\"widget\" data-widget_type=\"social-icons.default\">\n\t\t\t\t<div class=\"elementor-widget-container\">\n\t\t\t\t\t\t\t<div class=\"elementor-social-icons-wrapper elementor-grid\" role=\"list\">\n\t\t\t\t\t\t\t<span class=\"elementor-grid-item\" role=\"listitem\">\n\t\t\t\t\t<a class=\"elementor-icon elementor-social-icon elementor-social-icon-instagram elementor-repeater-item-57e1fb2\" href=\"https:\/\/www.instagram.com\/yoga_avec_mila\/\" target=\"_blank\">\n\t\t\t\t\t\t<span class=\"elementor-screen-only\">Instagram<\/span>\n\t\t\t\t\t\t<i aria-hidden=\"true\" class=\"fab fa-instagram\"><\/i>\t\t\t\t\t<\/a>\n\t\t\t\t<\/span>\n\t\t\t\t\t\t\t<span class=\"elementor-grid-item\" role=\"listitem\">\n\t\t\t\t\t<a class=\"elementor-icon elementor-social-icon elementor-social-icon-facebook-f elementor-repeater-item-2a1f42b\" href=\"https:\/\/www.facebook.com\/lyudmilasinenko.6\" target=\"_blank\">\n\t\t\t\t\t\t<span class=\"elementor-screen-only\">Facebook-f<\/span>\n\t\t\t\t\t\t<i aria-hidden=\"true\" class=\"fab fa-facebook-f\"><\/i>\t\t\t\t\t<\/a>\n\t\t\t\t<\/span>\n\t\t\t\t\t<\/div>\n\t\t\t\t\t\t<\/div>\n\t\t\t\t<\/div>\n\t\t\t\t<div class=\"elementor-element elementor-element-11fe2a4 elementor-widget__width-initial elementor-widget elementor-widget-text-editor\" data-id=\"11fe2a4\" data-element_type=\"widget\" data-e-type=\"widget\" data-widget_type=\"text-editor.default\">\n\t\t\t\t<div class=\"elementor-widget-container\">\n\t\t\t\t\t\t\t\t\t<p><span lang=\"UK\" style=\"font-weight: var( --e-global-typography-text-font-weight ); background-image: initial; background-position: initial; background-size: initial; background-repeat: initial; background-attachment: initial; background-origin: initial; background-clip: initial; font-family: Arial, 'sans-serif'; color: #222222;\">Bonjour!<br><\/span><\/p>\n<p><span lang=\"UK\" style=\"font-weight: var( --e-global-typography-text-font-weight ); background-image: initial; background-position: initial; background-size: initial; background-repeat: initial; background-attachment: initial; background-origin: initial; background-clip: initial; font-family: Arial, 'sans-serif'; color: #222222;\">Ma rencontre avec le yoga a eu lieu en 2009, et depuis, je vis le yoga et le pratique activement<\/span><span lang=\"FR\" style=\"font-weight: var( --e-global-typography-text-font-weight ); background-image: initial; background-position: initial; background-size: initial; background-repeat: initial; background-attachment: initial; background-origin: initial; background-clip: initial; font-family: Arial, 'sans-serif'; color: #222222;\"> avec <\/span><span lang=\"FR\" style=\"font-weight: var( --e-global-typography-text-font-weight ); background-image: initial; background-position: initial; background-size: initial; background-repeat: initial; background-attachment: initial; background-origin: initial; background-clip: initial; font-family: Arial, 'sans-serif'; color: #32302f; letter-spacing: 0.25pt;\">F\u00e9d\u00e9ration Ukrainienne de Yoga<\/span><span lang=\"UK\" style=\"font-weight: var( --e-global-typography-text-font-weight ); background-image: initial; background-position: initial; background-size: initial; background-repeat: initial; background-attachment: initial; background-origin: initial; background-clip: initial; font-family: Arial, 'sans-serif'; color: #222222;\">. Je suis instructrice certifi\u00e9e par l&rsquo;Alliance Europ\u00e9enne de Yoga<\/span><span lang=\"FR\" style=\"font-weight: var( --e-global-typography-text-font-weight ); background-image: initial; background-position: initial; background-size: initial; background-repeat: initial; background-attachment: initial; background-origin: initial; background-clip: initial; font-family: Arial, 'sans-serif'; color: #222222;\"> et r\u00e9\u00e9ducateur <\/span><span lang=\"UK\" style=\"font-weight: var( --e-global-typography-text-font-weight ); background-image: initial; background-position: initial; background-size: initial; background-repeat: initial; background-attachment: initial; background-origin: initial; background-clip: initial; font-family: Arial, 'sans-serif'; color: #222222;\">dipl\u00f4m\u00e9e. J&rsquo;ai effectu\u00e9 un stage et \u00e9tudi\u00e9 dans de \u00e9coles<\/span> <span lang=\"FR\" style=\"font-weight: var( --e-global-typography-text-font-weight ); background-image: initial; background-position: initial; background-size: initial; background-repeat: initial; background-attachment: initial; background-origin: initial; background-clip: initial; font-family: Arial, 'sans-serif'; color: #222222;\">traditionnelles<\/span><span lang=\"UK\" style=\"font-weight: var( --e-global-typography-text-font-weight ); background-image: initial; background-position: initial; background-size: initial; background-repeat: initial; background-attachment: initial; background-origin: initial; background-clip: initial; font-family: Arial, 'sans-serif'; color: #222222;\"> indiennes: Krishnamacharya Yoga Mandiram, Sri Krisna Pattabhi Jois Institute, Sri V Sheshadri, Mandala Yoga Shala, B.N.S. Iyengar, Shivananda Yoga Centre.<\/span><\/p>\n<p><span lang=\"UK\" style=\"font-family: Arial, 'sans-serif'; color: #222222; background-image: initial; background-position: initial; background-size: initial; background-repeat: initial; background-attachment: initial; background-origin: initial; background-clip: initial;\">En plus du yoga, qui m&rsquo;int\u00e9resse depuis ma jeunesse, j&rsquo;ai \u00e9t\u00e9 attir\u00e9e par les pratiques martiales depuis mon enfance. Aujourd&rsquo;hui, cela fait d\u00e9j\u00e0 14 ans que je pratique les arts martiaux : karat\u00e9 kyokushin, judo, jiu-jitsu, boxe. Je suis championne d&rsquo;Ukraine de karat\u00e9 kyokushin 2017 (cat\u00e9gorie kumite) et participante et vainqueur de nombreux comp\u00e9titions internationales. Depuis 2014, j\u2019enseigne les arts martiaux et <\/span><span lang=\"EN-US\" style=\"font-family: Arial, 'sans-serif'; color: #222222; background-image: initial; background-position: initial; background-size: initial; background-repeat: initial; background-attachment: initial; background-origin: initial; background-clip: initial;\">le self d<\/span><span lang=\"FR\" style=\"font-family: Arial, 'sans-serif'; color: #222222; background-image: initial; background-position: initial; background-size: initial; background-repeat: initial; background-attachment: initial; background-origin: initial; background-clip: initial;\">\u00e9<\/span><span lang=\"EN-US\" style=\"font-family: Arial, 'sans-serif'; color: #222222; background-image: initial; background-position: initial; background-size: initial; background-repeat: initial; background-attachment: initial; background-origin: initial; background-clip: initial;\">fence<\/span><span lang=\"UK\" style=\"font-family: Arial, 'sans-serif'; color: #222222; background-image: initial; background-position: initial; background-size: initial; background-repeat: initial; background-attachment: initial; background-origin: initial; background-clip: initial;\">.<\/span><\/p>\n<p><span lang=\"UK\" style=\"font-family: Arial, 'sans-serif'; color: #222222; background-image: initial; background-position: initial; background-size: initial; background-repeat: initial; background-attachment: initial; background-origin: initial; background-clip: initial;\">En m\u2019installant \u00e0 Paris il y a six ans, j\u2019\u00e9tais incroyablement curieuse de d\u00e9couvrir les particularit\u00e9s culturelles et historiques de la France et de l\u2019Europe. Cet int\u00e9r\u00eat m&rsquo;a conduite \u00e0 l&rsquo;Universit\u00e9 de la Sorbonne, o\u00f9 j&rsquo;ai ensuite obtenu un dipl\u00f4me de licence en cultu<\/span><span lang=\"FR\" style=\"font-family: Arial, 'sans-serif'; color: #222222; background-image: initial; background-position: initial; background-size: initial; background-repeat: initial; background-attachment: initial; background-origin: initial; background-clip: initial;\">re antique et contemporaine<\/span><span lang=\"UK\" style=\"font-family: Arial, 'sans-serif'; color: #222222; background-image: initial; background-position: initial; background-size: initial; background-repeat: initial; background-attachment: initial; background-origin: initial; background-clip: initial;\">, ainsi qu&rsquo;un dipl\u00f4me de licence en philosophie. Je termine actuellement mes \u00e9tudes en master de philosophie.<\/span><\/p>\n<p><span lang=\"UK\" style=\"font-family: Arial, 'sans-serif'; color: #222222; background-image: initial; background-position: initial; background-size: initial; background-repeat: initial; background-attachment: initial; background-origin: initial; background-clip: initial;\">Mes premiers voyages \u00e0 l&rsquo;\u00e9tranger ont eu lieu durant mes ann\u00e9es d&rsquo;\u00e9tudes, mais ma premi\u00e8re exp\u00e9rience de voyage spirituel a commenc\u00e9 en 2010 avec un voyage en Inde. Depuis, les voyages sont devenus un \u00e9l\u00e9ment essentiel de ma vie et une partie de ma pratique consciente. J&rsquo;ai voyag\u00e9 seule au Mexique, aux \u00c9tats-Unis, en Iran, dans des pays d&rsquo;Europe, d&rsquo;Afrique et de l&rsquo;ancienne CEI. Je crois que les voyages changent la personnalit\u00e9, car ils permettent d&rsquo;\u00e9largir la conscience et de voir les choses famili\u00e8res sous un autre angle. De tels voyages nous transforment<\/span><span lang=\"EN-US\" style=\"font-family: Arial, 'sans-serif'; color: #222222; background-image: initial; background-position: initial; background-size: initial; background-repeat: initial; background-attachment: initial; background-origin: initial; background-clip: initial;\"> pour toujours<\/span><span lang=\"UK\" style=\"font-family: Arial, 'sans-serif'; color: #222222; background-image: initial; background-position: initial; background-size: initial; background-repeat: initial; background-attachment: initial; background-origin: initial; background-clip: initial;\">.<\/span><\/p>\n<p><span lang=\"UK\" style=\"font-family: Arial, 'sans-serif'; color: #222222; background-image: initial; background-position: initial; background-size: initial; background-repeat: initial; background-attachment: initial; background-origin: initial; background-clip: initial;\">Pour moi, le yoga est un ensemble de pratiques visant \u00e0 une transformation consciente de soi. Chaque \u00e9largissement de la conscience change radicalement la vie pour le mieux, et c&rsquo;est une exp\u00e9rience autonome qui sert de soutien int\u00e9rieur \u00e0 la personnalit\u00e9 et donne un sens \u00e0 la vie. <\/span><\/p>\n<p><span lang=\"UK\" style=\"font-family: Arial, 'sans-serif'; color: #222222; background-image: initial; background-position: initial; background-size: initial; background-repeat: initial; background-attachment: initial; background-origin: initial; background-clip: initial;\">Le yoga, c&rsquo;est aussi suivre ses v\u00e9ritables d\u00e9sirs, le courage et la bravoure dans leur r\u00e9alisation.<\/span><\/p><p><span style=\"color: rgb(34, 34, 34); font-family: Arial, &quot;sans-serif&quot;; font-weight: var( --e-global-typography-text-font-weight );\">J&rsquo;invite les personnes partageant les m\u00eames id\u00e9es et ayant des int\u00e9r\u00eats similaires \u00e0 mes cours.&nbsp;<\/span><\/p>\t\t\t\t\t\t\t\t<\/div>\n\t\t\t\t<\/div>\n\t\t\t\t\t<\/div>\n\t\t<\/div>\n\t\t\t\t\t<\/div>\n\t\t<\/section>\n\t\t\t\t<div class=\"elementor-element elementor-element-89ebb1b elementor-widget elementor-widget-spacer\" data-id=\"89ebb1b\" data-element_type=\"widget\" data-e-type=\"widget\" data-widget_type=\"spacer.default\">\n\t\t\t\t<div class=\"elementor-widget-container\">\n\t\t\t\t\t\t\t<div class=\"elementor-spacer\">\n\t\t\t<div class=\"elementor-spacer-inner\"><\/div>\n\t\t<\/div>\n\t\t\t\t\t\t<\/div>\n\t\t\t\t<\/div>\n\t\t\t\t\t<\/div>\n\t\t<\/div>\n\t\t\t\t\t<\/div>\n\t\t<\/section>\n\t\t\t\t<section class=\"elementor-section elementor-top-section elementor-element elementor-element-bd6cbed elementor-section-boxed elementor-section-height-default elementor-section-height-default\" data-id=\"bd6cbed\" data-element_type=\"section\" data-e-type=\"section\">\n\t\t\t\t\t\t<div class=\"elementor-container elementor-column-gap-default\">\n\t\t\t\t\t<div class=\"elementor-column elementor-col-100 elementor-top-column elementor-element elementor-element-bed5af3\" data-id=\"bed5af3\" data-element_type=\"column\" data-e-type=\"column\">\n\t\t\t<div class=\"elementor-widget-wrap elementor-element-populated\">\n\t\t\t\t\t\t<div class=\"elementor-element elementor-element-25f384b elementor-widget elementor-widget-spacer\" data-id=\"25f384b\" data-element_type=\"widget\" data-e-type=\"widget\" data-widget_type=\"spacer.default\">\n\t\t\t\t<div class=\"elementor-widget-container\">\n\t\t\t\t\t\t\t<div class=\"elementor-spacer\">\n\t\t\t<div class=\"elementor-spacer-inner\"><\/div>\n\t\t<\/div>\n\t\t\t\t\t\t<\/div>\n\t\t\t\t<\/div>\n\t\t\t\t<div class=\"elementor-element elementor-element-f1c1e78 elementor-widget elementor-widget-text-editor\" data-id=\"f1c1e78\" data-element_type=\"widget\" data-e-type=\"widget\" data-widget_type=\"text-editor.default\">\n\t\t\t\t<div class=\"elementor-widget-container\">\n\t\t\t\t\t\t\t\t\t<p>J&rsquo;invite au cours de yoga pour debutants des personnes actives qui ressentent le d\u00e9sir de se d\u00e9velopper et de mieux se conna\u00eetre ainsi que le monde.<\/p>\t\t\t\t\t\t\t\t<\/div>\n\t\t\t\t<\/div>\n\t\t\t\t<div class=\"elementor-element elementor-element-2475a09 elementor-widget elementor-widget-spacer\" data-id=\"2475a09\" data-element_type=\"widget\" data-e-type=\"widget\" data-widget_type=\"spacer.default\">\n\t\t\t\t<div class=\"elementor-widget-container\">\n\t\t\t\t\t\t\t<div class=\"elementor-spacer\">\n\t\t\t<div class=\"elementor-spacer-inner\"><\/div>\n\t\t<\/div>\n\t\t\t\t\t\t<\/div>\n\t\t\t\t<\/div>\n\t\t\t\t<section class=\"elementor-section elementor-inner-section elementor-element elementor-element-d828cbf elementor-section-boxed elementor-section-height-default elementor-section-height-default\" data-id=\"d828cbf\" data-element_type=\"section\" data-e-type=\"section\">\n\t\t\t\t\t\t<div class=\"elementor-container elementor-column-gap-default\">\n\t\t\t\t\t<div class=\"elementor-column elementor-col-50 elementor-inner-column elementor-element elementor-element-ccbe16d\" data-id=\"ccbe16d\" data-element_type=\"column\" data-e-type=\"column\">\n\t\t\t<div class=\"elementor-widget-wrap elementor-element-populated\">\n\t\t\t\t\t\t<div class=\"elementor-element elementor-element-5a1af66 elementor-widget elementor-widget-text-editor\" data-id=\"5a1af66\" data-element_type=\"widget\" data-e-type=\"widget\" data-widget_type=\"text-editor.default\">\n\t\t\t\t<div class=\"elementor-widget-container\">\n\t\t\t\t\t\t\t\t\t<p>Qu&rsquo;est-ce qu&rsquo;il faut pour le premier cours ?<\/p>\n<ul><li><span style=\"color: var( --e-global-color-text ); font-family: var( --e-global-typography-text-font-family ), Sans-serif; font-weight: var( --e-global-typography-text-font-weight );\">&nbsp;Pr\u00e9inscription<\/span><\/li><li><span style=\"color: var( --e-global-color-text ); font-family: var( --e-global-typography-text-font-family ), Sans-serif; font-weight: var( --e-global-typography-text-font-weight );\">&nbsp;Un carnet et un stylo<\/span><\/li><li><span style=\"color: var( --e-global-color-text ); font-family: var( --e-global-typography-text-font-family ), Sans-serif; font-weight: var( --e-global-typography-text-font-weight );\">&nbsp;Des v\u00eatements de sport<\/span><\/li><li><span style=\"color: var( --e-global-color-text ); font-family: var( --e-global-typography-text-font-family ), Sans-serif; font-weight: var( --e-global-typography-text-font-weight );\">&nbsp;Absence de contre-indications&nbsp;<\/span><\/li><\/ul><ul>\n<\/ul>\t\t\t\t\t\t\t\t<\/div>\n\t\t\t\t<\/div>\n\t\t\t\t\t<\/div>\n\t\t<\/div>\n\t\t\t\t<div class=\"elementor-column elementor-col-50 elementor-inner-column elementor-element elementor-element-4b401f6\" data-id=\"4b401f6\" data-element_type=\"column\" data-e-type=\"column\">\n\t\t\t<div class=\"elementor-widget-wrap elementor-element-populated\">\n\t\t\t\t\t\t<div class=\"elementor-element elementor-element-ac2fea6 elementor-widget elementor-widget-text-editor\" data-id=\"ac2fea6\" data-element_type=\"widget\" data-e-type=\"widget\" data-widget_type=\"text-editor.default\">\n\t\t\t\t<div class=\"elementor-widget-container\">\n\t\t\t\t\t\t\t\t\t<div class=\"oKdM2c ZZyype\"><p>Programme de cours :<br \/>&#8211; Principes d&rsquo;une pratique harmonieuse et s\u00e9curis\u00e9e<br \/>&#8211; Asanas : exercices de hatha yoga, sadhana yoga<br \/>&#8211; Pranayama : exercices de respiration<br \/>&#8211; Th\u00e9orie du syst\u00e8me des chakras et m\u00e9thodes de d\u00e9veloppement des chakras<br \/>&#8211; Pratiques m\u00e9ditatives <br \/>&#8211; Pratiques de gestion des \u00e9motions<br \/>&#8211; Ateliers sur les chakras<\/p><\/div>\t\t\t\t\t\t\t\t<\/div>\n\t\t\t\t<\/div>\n\t\t\t\t<div class=\"elementor-element elementor-element-a8d69b9 elementor-widget elementor-widget-button\" data-id=\"a8d69b9\" data-element_type=\"widget\" data-e-type=\"widget\" data-widget_type=\"button.default\">\n\t\t\t\t<div class=\"elementor-widget-container\">\n\t\t\t\t\t\t\t\t\t<div class=\"elementor-button-wrapper\">\n\t\t\t\t\t<a class=\"elementor-button elementor-button-link elementor-size-sm\" href=\"https:\/\/www.instagram.com\/yoga_avec_mila\/\">\n\t\t\t\t\t\t<span class=\"elementor-button-content-wrapper\">\n\t\t\t\t\t\t\t\t\t<span class=\"elementor-button-text\">S'inscrire pour le cours<\/span>\n\t\t\t\t\t<\/span>\n\t\t\t\t\t<\/a>\n\t\t\t\t<\/div>\n\t\t\t\t\t\t\t\t<\/div>\n\t\t\t\t<\/div>\n\t\t\t\t\t<\/div>\n\t\t<\/div>\n\t\t\t\t\t<\/div>\n\t\t<\/section>\n\t\t\t\t<div class=\"elementor-element elementor-element-9991373 elementor-widget elementor-widget-spacer\" data-id=\"9991373\" data-element_type=\"widget\" data-e-type=\"widget\" data-widget_type=\"spacer.default\">\n\t\t\t\t<div class=\"elementor-widget-container\">\n\t\t\t\t\t\t\t<div class=\"elementor-spacer\">\n\t\t\t<div class=\"elementor-spacer-inner\"><\/div>\n\t\t<\/div>\n\t\t\t\t\t\t<\/div>\n\t\t\t\t<\/div>\n\t\t\t\t<section class=\"elementor-section elementor-inner-section elementor-element elementor-element-a88d710 elementor-section-boxed elementor-section-height-default elementor-section-height-default\" data-id=\"a88d710\" data-element_type=\"section\" data-e-type=\"section\">\n\t\t\t\t\t\t<div class=\"elementor-container elementor-column-gap-default\">\n\t\t\t\t\t<div class=\"elementor-column elementor-col-33 elementor-inner-column elementor-element elementor-element-4c79369\" data-id=\"4c79369\" data-element_type=\"column\" data-e-type=\"column\">\n\t\t\t<div class=\"elementor-widget-wrap elementor-element-populated\">\n\t\t\t\t\t\t<div class=\"elementor-element elementor-element-06dcd32 elementor-widget elementor-widget-image\" data-id=\"06dcd32\" data-element_type=\"widget\" data-e-type=\"widget\" data-widget_type=\"image.default\">\n\t\t\t\t<div class=\"elementor-widget-container\">\n\t\t\t\t\t\t\t\t\t\t\t\t\t\t\t<img decoding=\"async\" width=\"750\" height=\"500\" src=\"https:\/\/www.in.yoga\/wp-content\/uploads\/2024\/02\/Liudmila-Sinenko-yoga-Paris-4-min.jpg\" class=\"attachment-large size-large wp-image-109304\" alt=\"Liudmila Sinenko yoga Paris\" srcset=\"https:\/\/www.in.yoga\/wp-content\/uploads\/2024\/02\/Liudmila-Sinenko-yoga-Paris-4-min.jpg 1024w, https:\/\/www.in.yoga\/wp-content\/uploads\/2024\/02\/Liudmila-Sinenko-yoga-Paris-4-min-300x200.jpg 300w, https:\/\/www.in.yoga\/wp-content\/uploads\/2024\/02\/Liudmila-Sinenko-yoga-Paris-4-min-768x512.jpg 768w\" sizes=\"(max-width: 750px) 100vw, 750px\" style=\"width:100%;height:66.7%;max-width:1024px\" \/>\t\t\t\t\t\t\t\t\t\t\t\t\t\t\t<\/div>\n\t\t\t\t<\/div>\n\t\t\t\t\t<\/div>\n\t\t<\/div>\n\t\t\t\t<div class=\"elementor-column elementor-col-33 elementor-inner-column elementor-element elementor-element-1f0f1a2\" data-id=\"1f0f1a2\" data-element_type=\"column\" data-e-type=\"column\">\n\t\t\t<div class=\"elementor-widget-wrap elementor-element-populated\">\n\t\t\t\t\t\t<div class=\"elementor-element elementor-element-0b63a09 elementor-widget elementor-widget-image\" data-id=\"0b63a09\" data-element_type=\"widget\" data-e-type=\"widget\" data-widget_type=\"image.default\">\n\t\t\t\t<div class=\"elementor-widget-container\">\n\t\t\t\t\t\t\t\t\t\t\t\t\t\t\t<img decoding=\"async\" width=\"750\" height=\"500\" src=\"https:\/\/www.in.yoga\/wp-content\/uploads\/2024\/02\/Liudmila-Sinenko-yoga-Paris-2-min.jpg\" class=\"attachment-large size-large wp-image-109314\" alt=\"Liudmila Sinenko yoga Paris\" srcset=\"https:\/\/www.in.yoga\/wp-content\/uploads\/2024\/02\/Liudmila-Sinenko-yoga-Paris-2-min.jpg 1024w, https:\/\/www.in.yoga\/wp-content\/uploads\/2024\/02\/Liudmila-Sinenko-yoga-Paris-2-min-300x200.jpg 300w, https:\/\/www.in.yoga\/wp-content\/uploads\/2024\/02\/Liudmila-Sinenko-yoga-Paris-2-min-768x512.jpg 768w\" sizes=\"(max-width: 750px) 100vw, 750px\" style=\"width:100%;height:66.7%;max-width:1024px\" \/>\t\t\t\t\t\t\t\t\t\t\t\t\t\t\t<\/div>\n\t\t\t\t<\/div>\n\t\t\t\t\t<\/div>\n\t\t<\/div>\n\t\t\t\t<div class=\"elementor-column elementor-col-33 elementor-inner-column elementor-element elementor-element-6d23a41\" data-id=\"6d23a41\" data-element_type=\"column\" data-e-type=\"column\">\n\t\t\t<div class=\"elementor-widget-wrap elementor-element-populated\">\n\t\t\t\t\t\t<div class=\"elementor-element elementor-element-e82a346 elementor-widget elementor-widget-image\" data-id=\"e82a346\" data-element_type=\"widget\" data-e-type=\"widget\" data-widget_type=\"image.default\">\n\t\t\t\t<div class=\"elementor-widget-container\">\n\t\t\t\t\t\t\t\t\t\t\t\t\t\t\t<img loading=\"lazy\" decoding=\"async\" width=\"750\" height=\"500\" src=\"https:\/\/www.in.yoga\/wp-content\/uploads\/2024\/02\/Liudmila-Sinenko-yoga-Paris-3-min.jpg\" class=\"attachment-large size-large wp-image-109309\" alt=\"Liudmila Sinenko yoga Paris\" srcset=\"https:\/\/www.in.yoga\/wp-content\/uploads\/2024\/02\/Liudmila-Sinenko-yoga-Paris-3-min.jpg 1024w, https:\/\/www.in.yoga\/wp-content\/uploads\/2024\/02\/Liudmila-Sinenko-yoga-Paris-3-min-300x200.jpg 300w, https:\/\/www.in.yoga\/wp-content\/uploads\/2024\/02\/Liudmila-Sinenko-yoga-Paris-3-min-768x512.jpg 768w\" sizes=\"(max-width: 750px) 100vw, 750px\" style=\"width:100%;height:66.7%;max-width:1024px\" \/>\t\t\t\t\t\t\t\t\t\t\t\t\t\t\t<\/div>\n\t\t\t\t<\/div>\n\t\t\t\t\t<\/div>\n\t\t<\/div>\n\t\t\t\t\t<\/div>\n\t\t<\/section>\n\t\t\t\t<div class=\"elementor-element elementor-element-1ed8f1d elementor-widget elementor-widget-spacer\" data-id=\"1ed8f1d\" data-element_type=\"widget\" data-e-type=\"widget\" data-widget_type=\"spacer.default\">\n\t\t\t\t<div class=\"elementor-widget-container\">\n\t\t\t\t\t\t\t<div class=\"elementor-spacer\">\n\t\t\t<div class=\"elementor-spacer-inner\"><\/div>\n\t\t<\/div>\n\t\t\t\t\t\t<\/div>\n\t\t\t\t<\/div>\n\t\t\t\t\t<\/div>\n\t\t<\/div>\n\t\t\t\t\t<\/div>\n\t\t<\/section>\n\t\t\t\t<section class=\"elementor-section elementor-top-section elementor-element elementor-element-114d9f0 elementor-section-boxed elementor-section-height-default elementor-section-height-default\" data-id=\"114d9f0\" data-element_type=\"section\" data-e-type=\"section\">\n\t\t\t\t\t\t<div class=\"elementor-container elementor-column-gap-default\">\n\t\t\t\t\t<div class=\"elementor-column elementor-col-50 elementor-top-column elementor-element elementor-element-d2ffbea\" data-id=\"d2ffbea\" data-element_type=\"column\" data-e-type=\"column\">\n\t\t\t<div class=\"elementor-widget-wrap elementor-element-populated\">\n\t\t\t\t\t\t<div class=\"elementor-element elementor-element-f9fb698 elementor-widget elementor-widget-google_maps\" data-id=\"f9fb698\" data-element_type=\"widget\" data-e-type=\"widget\" data-widget_type=\"google_maps.default\">\n\t\t\t\t<div class=\"elementor-widget-container\">\n\t\t\t\t\t\t\t<div class=\"elementor-custom-embed\">\n\t\t\t<iframe loading=\"lazy\"\n\t\t\t\t\tsrc=\"https:\/\/maps.google.com\/maps?q=20%20Ave%20Parmentier&#038;t=m&#038;z=15&#038;output=embed&#038;iwloc=near\"\n\t\t\t\t\ttitle=\"20 Ave Parmentier\"\n\t\t\t\t\taria-label=\"20 Ave Parmentier\"\n\t\t\t><\/iframe>\n\t\t<\/div>\n\t\t\t\t\t\t<\/div>\n\t\t\t\t<\/div>\n\t\t\t\t\t<\/div>\n\t\t<\/div>\n\t\t\t\t<div class=\"elementor-column elementor-col-50 elementor-top-column elementor-element elementor-element-8db8325\" data-id=\"8db8325\" data-element_type=\"column\" data-e-type=\"column\">\n\t\t\t<div class=\"elementor-widget-wrap elementor-element-populated\">\n\t\t\t\t\t\t<div class=\"elementor-element elementor-element-d8dae85 elementor-widget elementor-widget-google_maps\" data-id=\"d8dae85\" data-element_type=\"widget\" data-e-type=\"widget\" data-widget_type=\"google_maps.default\">\n\t\t\t\t<div class=\"elementor-widget-container\">\n\t\t\t\t\t\t\t<div class=\"elementor-custom-embed\">\n\t\t\t<iframe loading=\"lazy\"\n\t\t\t\t\tsrc=\"https:\/\/maps.google.com\/maps?q=Place%20de%20R%C3%A9publique&#038;t=m&#038;z=15&#038;output=embed&#038;iwloc=near\"\n\t\t\t\t\ttitle=\"Place de R\u00e9publique\"\n\t\t\t\t\taria-label=\"Place de R\u00e9publique\"\n\t\t\t><\/iframe>\n\t\t<\/div>\n\t\t\t\t\t\t<\/div>\n\t\t\t\t<\/div>\n\t\t\t\t\t<\/div>\n\t\t<\/div>\n\t\t\t\t\t<\/div>\n\t\t<\/section>\n\t\t\t\t<\/div>\n\t\t","protected":false},"excerpt":{"rendered":"<p>Liudmila Sinenko Instagram Facebook-f Bonjour! Ma rencontre avec le yoga a eu lieu en 2009, et depuis, je vis le yoga et le pratique activement avec F\u00e9d\u00e9ration Ukrainienne de Yoga. Je suis instructrice certifi\u00e9e par l&rsquo;Alliance Europ\u00e9enne de Yoga et r\u00e9\u00e9ducateur dipl\u00f4m\u00e9e. J&rsquo;ai effectu\u00e9 un stage et \u00e9tudi\u00e9 dans de \u00e9coles traditionnelles indiennes: Krishnamacharya Yoga&hellip; <a class=\"more-link\" href=\"https:\/\/www.in.yoga\/fr\/liudmila-sinenko\/\">Continue reading <span class=\"screen-reader-text\">Liudmila Sinenko<\/span><\/a><\/p>\n","protected":false},"author":8,"featured_media":0,"parent":0,"menu_order":0,"comment_status":"closed","ping_status":"closed","template":"elementor_header_footer","meta":{"_monsterinsights_skip_tracking":false,"_monsterinsights_sitenote_active":false,"_monsterinsights_sitenote_note":"","_monsterinsights_sitenote_category":0,"footnotes":""},"class_list":["post-154480","page","type-page","status-publish","hentry","entry"],"aioseo_notices":[],"_links":{"self":[{"href":"https:\/\/www.in.yoga\/fr\/wp-json\/wp\/v2\/pages\/154480","targetHints":{"allow":["GET"]}}],"collection":[{"href":"https:\/\/www.in.yoga\/fr\/wp-json\/wp\/v2\/pages"}],"about":[{"href":"https:\/\/www.in.yoga\/fr\/wp-json\/wp\/v2\/types\/page"}],"author":[{"embeddable":true,"href":"https:\/\/www.in.yoga\/fr\/wp-json\/wp\/v2\/users\/8"}],"replies":[{"embeddable":true,"href":"https:\/\/www.in.yoga\/fr\/wp-json\/wp\/v2\/comments?post=154480"}],"version-history":[{"count":0,"href":"https:\/\/www.in.yoga\/fr\/wp-json\/wp\/v2\/pages\/154480\/revisions"}],"wp:attachment":[{"href":"https:\/\/www.in.yoga\/fr\/wp-json\/wp\/v2\/media?parent=154480"}],"curies":[{"name":"wp","href":"https:\/\/api.w.org\/{rel}","templated":true}]}}